{"id":33900,"date":"2024-08-16T17:06:25","date_gmt":"2024-08-16T22:06:25","guid":{"rendered":"https:\/\/www.profaqua.ca\/?page_id=33900"},"modified":"2024-09-06T00:15:07","modified_gmt":"2024-09-06T05:15:07","slug":"journee-pedagogique-2","status":"publish","type":"page","link":"https:\/\/www.profaqua.ca\/fr\/nos-services\/journee-pedagogique-2\/","title":{"rendered":"Journ\u00e9e p\u00e9dagogique"},"content":{"rendered":"<p>[vc_row][vc_column][vc_column_text]<\/p>\n<h3 style=\"text-align: center;\">Ce service est offert uniquement en <strong>Colombie-Britannique<\/strong>, sauf indication contraire.<\/h3>\n<p>[\/vc_column_text]<div class=\"boc_divider_holder\"><div class=\"boc_divider  \"  style=\"margin-top: 20px;margin-bottom: 20px;height: 1px;background: #eeeeee;\"><\/div><\/div>[\/vc_column][\/vc_row][vc_row][vc_column width=\u00a0\u00bb1\/2&Prime;]<h2 class=\"boc_heading  al_left  \"  style=\"margin-bottom: 20px;margin-top: 0px;color: #dd9933;\"><span><strong>JOURN\u00c9E P\u00c9DAGOGIQUE<\/strong><\/span><\/h2>[vc_column_text]<strong>Profaqua sait que des jeunes en journ\u00e9e p\u00e9dagogique, \u00e7a demande \u00e0 \u00eatre tenus occup\u00e9s! <\/strong><\/p>\n<p>C\u2019est pour cela que nous offrons diff\u00e9rents options d\u2019animation tous aussi palpitants les uns que les autres.[\/vc_column_text]<h2 class=\"boc_heading  al_left  \"  style=\"margin-bottom: 20px;margin-top: 0px;color: #dd9933;\"><span><strong>Informations importantes<\/strong><\/span><\/h2>[vc_column_text]<\/p>\n<ul>\n<li><span data-contrast=\"none\">Maximum 25 jeunes par groupe en science.<\/span><span data-ccp-props=\"{&quot;201341983&quot;:0,&quot;335551550&quot;:1,&quot;335551620&quot;:1,&quot;335559739&quot;:160,&quot;335559740&quot;:259}\">\u00a0<\/span><\/li>\n<li data-leveltext=\"\uf0b7\" data-font=\"Symbol\" data-listid=\"1\" data-list-defn-props=\"{&quot;335552541&quot;:1,&quot;335559683&quot;:0,&quot;335559684&quot;:-2,&quot;335559685&quot;:720,&quot;335559991&quot;:360,&quot;469769226&quot;:&quot;Symbol&quot;,&quot;469769242&quot;:[8226],&quot;469777803&quot;:&quot;left&quot;,&quot;469777804&quot;:&quot;\uf0b7&quot;,&quot;469777815&quot;:&quot;hybridMultilevel&quot;}\" aria-setsize=\"-1\" data-aria-posinset=\"8\" data-aria-level=\"1\"><span data-contrast=\"none\">Maximum 20 jeunes par groupe en robotique.<\/span><\/li>\n<li>Pour le spectacle de science, il n\u2019y a <strong>aucun minimum ou maximum de jeunes<\/strong>.<\/li>\n<li data-leveltext=\"\uf0b7\" data-font=\"Symbol\" data-listid=\"1\" data-list-defn-props=\"{&quot;335552541&quot;:1,&quot;335559683&quot;:0,&quot;335559684&quot;:-2,&quot;335559685&quot;:720,&quot;335559991&quot;:360,&quot;469769226&quot;:&quot;Symbol&quot;,&quot;469769242&quot;:[8226],&quot;469777803&quot;:&quot;left&quot;,&quot;469777804&quot;:&quot;\uf0b7&quot;,&quot;469777815&quot;:&quot;hybridMultilevel&quot;}\" aria-setsize=\"-1\" data-aria-posinset=\"11\" data-aria-level=\"1\"><span data-contrast=\"none\">Pour la robotique, Prof<\/span><b><span data-contrast=\"none\">aqua<\/span><\/b><span data-contrast=\"none\"> s\u2019occupe de fournir les 7 tablettes iPad et les 6 robots: Robot d\u2019\u00c9ducation WeDo 2.0 de LEGO\u00ae ou EV3 de LEGO\u00ae ou SPIKE de LEGO\u00ae ou KUBO\u00ae Coding ou Scratch.<\/span><span data-ccp-props=\"{&quot;201341983&quot;:0,&quot;335551550&quot;:1,&quot;335551620&quot;:1,&quot;335559739&quot;:160,&quot;335559740&quot;:259}\">\u00a0<\/span><\/li>\n<li data-leveltext=\"\uf0b7\" data-font=\"Symbol\" data-listid=\"1\" data-list-defn-props=\"{&quot;335552541&quot;:1,&quot;335559683&quot;:0,&quot;335559684&quot;:-2,&quot;335559685&quot;:720,&quot;335559991&quot;:360,&quot;469769226&quot;:&quot;Symbol&quot;,&quot;469769242&quot;:[8226],&quot;469777803&quot;:&quot;left&quot;,&quot;469777804&quot;:&quot;\uf0b7&quot;,&quot;469777815&quot;:&quot;hybridMultilevel&quot;}\" aria-setsize=\"-1\" data-aria-posinset=\"13\" data-aria-level=\"1\"><span data-contrast=\"none\">Prof<\/span><b><span data-contrast=\"none\">aqua<\/span><\/b><span data-contrast=\"none\">\u00a0s\u2019occupe de fournir un Apple TV pour votre TBI\/TNI en robotique.<\/span><span data-ccp-props=\"{&quot;201341983&quot;:0,&quot;335551550&quot;:1,&quot;335551620&quot;:1,&quot;335559739&quot;:160,&quot;335559740&quot;:259}\">\u00a0<\/span><\/li>\n<li data-leveltext=\"\uf0b7\" data-font=\"Symbol\" data-listid=\"1\" data-list-defn-props=\"{&quot;335552541&quot;:1,&quot;335559683&quot;:0,&quot;335559684&quot;:-2,&quot;335559685&quot;:720,&quot;335559991&quot;:360,&quot;469769226&quot;:&quot;Symbol&quot;,&quot;469769242&quot;:[8226],&quot;469777803&quot;:&quot;left&quot;,&quot;469777804&quot;:&quot;\uf0b7&quot;,&quot;469777815&quot;:&quot;hybridMultilevel&quot;}\" aria-setsize=\"-1\" data-aria-posinset=\"14\" data-aria-level=\"1\"><span data-contrast=\"none\">Prof<\/span><b><span data-contrast=\"none\">aqua<\/span><\/b><span data-contrast=\"none\">\u00a0s\u2019occupe de fournir les tapis d\u2019activit\u00e9 en robotique.<\/span><span data-ccp-props=\"{&quot;201341983&quot;:0,&quot;335551550&quot;:1,&quot;335551620&quot;:1,&quot;335559739&quot;:160,&quot;335559740&quot;:259}\">\u00a0<\/span><\/li>\n<\/ul>\n<p>[\/vc_column_text]<h2 class=\"boc_heading  al_left  \"  style=\"margin-bottom: 20px;margin-top: 0px;color: #dd9933;\"><span><strong>Nos besoins<\/strong><\/span><\/h2>[vc_column_text]<\/p>\n<ul>\n<li>Acc\u00e8s\u00a0 \u00e0 un espace d\u00e9gag\u00e9 pour la pr\u00e9sentation des spectacles. Le spectacle peut se faire \u00e0 l&rsquo;int\u00e9rieur ou \u00e0 l&rsquo;ext\u00e9rieur.<\/li>\n<li>Acc\u00e8s aux interrupteurs contr\u00f4lant la lumi\u00e8re pour le spectacle \u00e0 l&rsquo;int\u00e9rieur.<\/li>\n<li>L\u2019acc\u00e8s \u00e0 des prises de courant est n\u00e9cessaire pour le spectacle et les ateliers.<\/li>\n<li>Un \u00e9vier doit \u00eatre disponible \u00e0 proximit\u00e9 des locaux o\u00f9 s\u2019effectue le spectacle et les ateliers.<\/li>\n<li>S\u2019il y a peu de temps de d\u00e9placement entre les ateliers, il est fortement recommand\u00e9 d\u2019installer les animations dans un m\u00eame local.<\/li>\n<\/ul>\n<p>[\/vc_column_text]<h2 class=\"boc_heading  al_left  \"  style=\"margin-bottom: 20px;margin-top: 0px;color: #dd9933;\"><span><strong>Frais pour une journ\u00e9e<\/strong><\/span><\/h2>[vc_column_text]<\/p>\n<ul>\n<li><strong>Forfait 1A<\/strong>: 2 ateliers de 60 minutes: \u00c0 partir de <strong>430 $<\/strong><\/li>\n<li><strong>Forfait 2A<\/strong>: 2 ateliers de 60 minutes et un spectacle de science de 60 minutes: \u00c0 partir de <strong>1430 $<\/strong><\/li>\n<li><strong>Forfait 1B<\/strong>: 3 ateliers de 60 minutes: \u00c0 partir de <strong>645$<\/strong><\/li>\n<li><strong>Forfait 2B<\/strong>: 3 ateliers de 60 minutes et un spectacle de science de 60 minutes: \u00c0 partir de <strong>1645 $<\/strong><\/li>\n<li><strong>Forfait 1C<\/strong>: 4 ateliers de 60 minutes: \u00c0 partir de <strong>860\u00a0$<\/strong><\/li>\n<li><strong>Forfait 2C<\/strong>: 4 ateliers de 60 minutes et un spectacle de science de 60 minutes: \u00c0 partir de <strong>1860 $<\/strong><\/li>\n<li><strong>Forfait D:<\/strong> 3 heures de robotiques: \u00c0 partir de <strong>600$<\/strong><\/li>\n<\/ul>\n<p>[\/vc_column_text][\/vc_column][vc_column width=\u00a0\u00bb1\/2&Prime;][vc_single_image alignment=\u00a0\u00bbright\u00a0\u00bb image=\u00a0\u00bb4770&Prime;]<h2 class=\"boc_heading  al_left  \"  style=\"margin-bottom: 20px;margin-top: 0px;color: #dd9933;\"><span><strong>Frais suppl\u00e9mentaires<\/strong><\/span><\/h2>[vc_column_text]<\/p>\n<ul>\n<li>Frais de d\u00e9placement: un minimum de <strong>25$ plus 0.90 $<\/strong> par kilom\u00e8tre entre nos bureaux et le lieu de l&rsquo;animation (aller-retour).<\/li>\n<li>Frais suppl\u00e9mentaires sur les produits p\u00e9rissables, qui peuvent s&rsquo;appliquer sur quelques ateliers. L&rsquo;information se retrouvera sur le produit choisi.<\/li>\n<li>Frais de <strong>60 $<\/strong>, qui seront factur\u00e9s s&rsquo;il y a un d\u00e9lai de plus de 90 minutes entre deux ateliers.<\/li>\n<li>Ajoutez les taxes (GST et PST)<\/li>\n<\/ul>\n<p>[\/vc_column_text][\/vc_column][\/vc_row][vc_row][vc_column]<a\thref=\"https:\/\/www.profaqua.ca\/fr\/catalogue\/ateliers\/?swoof=1&#038;pa_type-de-service=journee-pedagogique&#038;really_curr_tax=62-product_cat\" \n\t\t\t\tclass=\"button btn_medium btn_orange btn_rounded btn_normal_style    \"  target='_self'><span>VOIR NOS ATELIERS SCIENTIFIQUES<\/span><\/a><a\thref=\"https:\/\/www.profaqua.ca\/fr\/catalogue\/ateliers\/?swoof=1&#038;pa_type-de-service=journee-pedagogique&#038;really_curr_tax=62-product_cat\" \n\t\t\t\tclass=\"button btn_medium btn_orange btn_rounded btn_normal_style    \"  target='_self'><span>VOIR NOS ATELIERS EN ROBOTIQUES<\/span><\/a><a\thref=\"https:\/\/www.profaqua.ca\/fr\/catalogue\/spectacles\/\" \n\t\t\t\tclass=\"button btn_medium btn_orange btn_rounded btn_normal_style    \"  target='_self'><span>VOIR NOS SPECTACLES<\/span><\/a>[\/vc_column][\/vc_row]<\/p>\n","protected":false},"excerpt":{"rendered":"<p>[vc_row][vc_column][vc_column_text] Ce service est offert uniquement en Colombie-Britannique, sauf indication contraire. [\/vc_column_text][\/vc_column][\/vc_row][vc_row][vc_column width=\u00a0\u00bb1\/2&Prime;][vc_column_text]Profaqua sait que des jeunes en journ\u00e9e p\u00e9dagogique, \u00e7a demande \u00e0 \u00eatre tenus occup\u00e9s! C\u2019est pour cela que nous offrons diff\u00e9rents options d\u2019animation tous aussi palpitants les uns que les autres.[\/vc_column_text][vc_column_text] Maximum 25 jeunes par groupe en science.\u00a0 Maximum 20 jeunes par groupe en robotique. Pour le spectacle<\/p>\n<div class=\"h10\"><\/div>\n<p><a class=\"more-link1\" href=\"https:\/\/www.profaqua.ca\/fr\/nos-services\/journee-pedagogique-2\/\">Voir plus<\/a><\/p>\n","protected":false},"author":10236,"featured_media":0,"parent":423,"menu_order":0,"comment_status":"closed","ping_status":"closed","template":"","meta":{"footnotes":""},"acf":[],"yoast_head":"<!-- This site is optimized with the Yoast SEO plugin v20.13 - https:\/\/yoast.com\/wordpress\/plugins\/seo\/ -->\n<title>Journ\u00e9e p\u00e9dagogique - Profaqua<\/title>\n<meta name=\"description\" content=\"Ce service est offert uniquement en Colombie-Britannique, sauf indication contraire. Profaqua sait que des jeunes en journ\u00e9e p\u00e9dagogique, \u00e7a demande \u00e0\" \/>\n<meta name=\"robots\" content=\"index, follow, max-snippet:-1, max-image-preview:large, max-video-preview:-1\" \/>\n<link rel=\"canonical\" href=\"https:\/\/www.profaqua.ca\/fr\/nos-services\/journee-pedagogique-2\/\" \/>\n<meta property=\"og:locale\" content=\"fr_FR\" \/>\n<meta property=\"og:type\" content=\"article\" \/>\n<meta property=\"og:title\" content=\"Journ\u00e9e p\u00e9dagogique - Profaqua\" \/>\n<meta property=\"og:description\" content=\"Ce service est offert uniquement en Colombie-Britannique, sauf indication contraire. Profaqua sait que des jeunes en journ\u00e9e p\u00e9dagogique, \u00e7a demande \u00e0\" \/>\n<meta property=\"og:url\" content=\"https:\/\/www.profaqua.ca\/fr\/nos-services\/journee-pedagogique-2\/\" \/>\n<meta property=\"og:site_name\" content=\"Profaqua\" \/>\n<meta property=\"article:publisher\" content=\"https:\/\/www.facebook.com\/profaqua\/\" \/>\n<meta property=\"article:modified_time\" content=\"2024-09-06T05:15:07+00:00\" \/>\n<meta property=\"og:image\" content=\"https:\/\/www.profaqua.ca\/wp-content\/uploads\/2017\/01\/logo.jpg\" \/>\n\t<meta property=\"og:image:width\" content=\"180\" \/>\n\t<meta property=\"og:image:height\" content=\"59\" \/>\n\t<meta property=\"og:image:type\" content=\"image\/jpeg\" \/>\n<meta name=\"twitter:card\" content=\"summary_large_image\" \/>\n<meta name=\"twitter:label1\" content=\"Dur\u00e9e de lecture estim\u00e9e\" \/>\n\t<meta name=\"twitter:data1\" content=\"3 minutes\" \/>\n<script type=\"application\/ld+json\" class=\"yoast-schema-graph\">{\"@context\":\"https:\/\/schema.org\",\"@graph\":[{\"@type\":\"WebPage\",\"@id\":\"https:\/\/www.profaqua.ca\/fr\/nos-services\/journee-pedagogique-2\/\",\"url\":\"https:\/\/www.profaqua.ca\/fr\/nos-services\/journee-pedagogique-2\/\",\"name\":\"Journ\u00e9e p\u00e9dagogique - Profaqua\",\"isPartOf\":{\"@id\":\"https:\/\/www.profaqua.ca\/fr\/#website\"},\"datePublished\":\"2024-08-16T22:06:25+00:00\",\"dateModified\":\"2024-09-06T05:15:07+00:00\",\"description\":\"Ce service est offert uniquement en Colombie-Britannique, sauf indication contraire. Profaqua sait que des jeunes en journ\u00e9e p\u00e9dagogique, \u00e7a demande \u00e0\",\"breadcrumb\":{\"@id\":\"https:\/\/www.profaqua.ca\/fr\/nos-services\/journee-pedagogique-2\/#breadcrumb\"},\"inLanguage\":\"fr-FR\",\"potentialAction\":[{\"@type\":\"ReadAction\",\"target\":[\"https:\/\/www.profaqua.ca\/fr\/nos-services\/journee-pedagogique-2\/\"]}]},{\"@type\":\"BreadcrumbList\",\"@id\":\"https:\/\/www.profaqua.ca\/fr\/nos-services\/journee-pedagogique-2\/#breadcrumb\",\"itemListElement\":[{\"@type\":\"ListItem\",\"position\":1,\"name\":\"Home\",\"item\":\"https:\/\/www.profaqua.ca\/fr\/\"},{\"@type\":\"ListItem\",\"position\":2,\"name\":\"Nos services\",\"item\":\"https:\/\/www.profaqua.ca\/fr\/nos-services\/\"},{\"@type\":\"ListItem\",\"position\":3,\"name\":\"Journ\u00e9e p\u00e9dagogique\"}]},{\"@type\":\"WebSite\",\"@id\":\"https:\/\/www.profaqua.ca\/fr\/#website\",\"url\":\"https:\/\/www.profaqua.ca\/fr\/\",\"name\":\"Profaqua\",\"description\":\"\",\"potentialAction\":[{\"@type\":\"SearchAction\",\"target\":{\"@type\":\"EntryPoint\",\"urlTemplate\":\"https:\/\/www.profaqua.ca\/fr\/?s={search_term_string}\"},\"query-input\":\"required name=search_term_string\"}],\"inLanguage\":\"fr-FR\"}]}<\/script>\n<!-- \/ Yoast SEO plugin. -->","yoast_head_json":{"title":"Journ\u00e9e p\u00e9dagogique - Profaqua","description":"Ce service est offert uniquement en Colombie-Britannique, sauf indication contraire. Profaqua sait que des jeunes en journ\u00e9e p\u00e9dagogique, \u00e7a demande \u00e0","robots":{"index":"index","follow":"follow","max-snippet":"max-snippet:-1","max-image-preview":"max-image-preview:large","max-video-preview":"max-video-preview:-1"},"canonical":"https:\/\/www.profaqua.ca\/fr\/nos-services\/journee-pedagogique-2\/","og_locale":"fr_FR","og_type":"article","og_title":"Journ\u00e9e p\u00e9dagogique - Profaqua","og_description":"Ce service est offert uniquement en Colombie-Britannique, sauf indication contraire. Profaqua sait que des jeunes en journ\u00e9e p\u00e9dagogique, \u00e7a demande \u00e0","og_url":"https:\/\/www.profaqua.ca\/fr\/nos-services\/journee-pedagogique-2\/","og_site_name":"Profaqua","article_publisher":"https:\/\/www.facebook.com\/profaqua\/","article_modified_time":"2024-09-06T05:15:07+00:00","og_image":[{"width":180,"height":59,"url":"https:\/\/www.profaqua.ca\/wp-content\/uploads\/2017\/01\/logo.jpg","type":"image\/jpeg"}],"twitter_card":"summary_large_image","twitter_misc":{"Dur\u00e9e de lecture estim\u00e9e":"3 minutes"},"schema":{"@context":"https:\/\/schema.org","@graph":[{"@type":"WebPage","@id":"https:\/\/www.profaqua.ca\/fr\/nos-services\/journee-pedagogique-2\/","url":"https:\/\/www.profaqua.ca\/fr\/nos-services\/journee-pedagogique-2\/","name":"Journ\u00e9e p\u00e9dagogique - Profaqua","isPartOf":{"@id":"https:\/\/www.profaqua.ca\/fr\/#website"},"datePublished":"2024-08-16T22:06:25+00:00","dateModified":"2024-09-06T05:15:07+00:00","description":"Ce service est offert uniquement en Colombie-Britannique, sauf indication contraire. Profaqua sait que des jeunes en journ\u00e9e p\u00e9dagogique, \u00e7a demande \u00e0","breadcrumb":{"@id":"https:\/\/www.profaqua.ca\/fr\/nos-services\/journee-pedagogique-2\/#breadcrumb"},"inLanguage":"fr-FR","potentialAction":[{"@type":"ReadAction","target":["https:\/\/www.profaqua.ca\/fr\/nos-services\/journee-pedagogique-2\/"]}]},{"@type":"BreadcrumbList","@id":"https:\/\/www.profaqua.ca\/fr\/nos-services\/journee-pedagogique-2\/#breadcrumb","itemListElement":[{"@type":"ListItem","position":1,"name":"Home","item":"https:\/\/www.profaqua.ca\/fr\/"},{"@type":"ListItem","position":2,"name":"Nos services","item":"https:\/\/www.profaqua.ca\/fr\/nos-services\/"},{"@type":"ListItem","position":3,"name":"Journ\u00e9e p\u00e9dagogique"}]},{"@type":"WebSite","@id":"https:\/\/www.profaqua.ca\/fr\/#website","url":"https:\/\/www.profaqua.ca\/fr\/","name":"Profaqua","description":"","potentialAction":[{"@type":"SearchAction","target":{"@type":"EntryPoint","urlTemplate":"https:\/\/www.profaqua.ca\/fr\/?s={search_term_string}"},"query-input":"required name=search_term_string"}],"inLanguage":"fr-FR"}]}},"_links":{"self":[{"href":"https:\/\/www.profaqua.ca\/fr\/wp-json\/wp\/v2\/pages\/33900"}],"collection":[{"href":"https:\/\/www.profaqua.ca\/fr\/wp-json\/wp\/v2\/pages"}],"about":[{"href":"https:\/\/www.profaqua.ca\/fr\/wp-json\/wp\/v2\/types\/page"}],"author":[{"embeddable":true,"href":"https:\/\/www.profaqua.ca\/fr\/wp-json\/wp\/v2\/users\/10236"}],"replies":[{"embeddable":true,"href":"https:\/\/www.profaqua.ca\/fr\/wp-json\/wp\/v2\/comments?post=33900"}],"version-history":[{"count":44,"href":"https:\/\/www.profaqua.ca\/fr\/wp-json\/wp\/v2\/pages\/33900\/revisions"}],"predecessor-version":[{"id":39200,"href":"https:\/\/www.profaqua.ca\/fr\/wp-json\/wp\/v2\/pages\/33900\/revisions\/39200"}],"up":[{"embeddable":true,"href":"https:\/\/www.profaqua.ca\/fr\/wp-json\/wp\/v2\/pages\/423"}],"wp:attachment":[{"href":"https:\/\/www.profaqua.ca\/fr\/wp-json\/wp\/v2\/media?parent=33900"}],"curies":[{"name":"wp","href":"https:\/\/api.w.org\/{rel}","templated":true}]}}